{"id":3712,"date":"2022-10-20T20:03:31","date_gmt":"2022-10-20T20:03:31","guid":{"rendered":"https:\/\/www.corregidora.gob.mx\/unmertest\/?page_id=3712"},"modified":"2024-01-25T12:14:35","modified_gmt":"2024-01-25T18:14:35","slug":"directorio","status":"publish","type":"page","link":"https:\/\/corregidora.gob.mx\/cmmer\/directorio\/","title":{"rendered":"Directorio"},"content":{"rendered":"[vc_row][vc_column][vc_column_text]\n<div class=\"page-title title-center solid-bg page-title-topfix\">\n<div class=\"container\">\n<div class=\"row\">\n<div class=\"title-container\">\n<div class=\"col-table\">\n<div class=\"col-td hgroup\">\n<h1 class=\"responsive-h5\" style=\"text-align: center;\">Directorio<\/h1>\n<\/div>\n<\/div>\n<\/div>\n<\/div>\n<\/div>\n<\/div>\n<div id=\"primary\" class=\"content-area\">\n<div class=\"container-fluid container-main\" style=\"text-align: center;\">\n<div class=\"row\">\n<div class=\" page-content\">\n<article id=\"post-121\" class=\"post-121 page type-page status-publish hentry\">\n<div class=\"entry-content row\">\n<div class=\"container row_section vc_row_p_30\">\n<div class=\"vc_row wpb_row vc_row-fluid vc_column-gap-30 vc_row-63517fdf8bd23037056605\">\n<div class=\"row-container container-fluid\">\n<div class=\"row-inner\">\n<div class=\"wpb_column vc_column_container vc_col-sm-12 vc_column_container_63517fdf8c66c240430327\">\n<div class=\"vc_column-inner \">\n<div class=\"wpb_wrapper\">\n<div class=\"vc_custom_heading vc_custom_heading_63517fdf8cc15814414617\">\n<h3><span class=\"hilight\" style=\"color: #000080;\">Integrantes de la Comisi\u00f3n de Mejora Regulatoria<\/span><\/h3>\n<\/div>\n<\/div>\n<\/div>\n<\/div>\n<\/div>\n<\/div>\n<\/div>\n<\/div>\n<div class=\"container row_section vc_row_p_30\">\n<div class=\"vc_row wpb_row vc_row-fluid vc_column-gap-30 rdy_vc_row-o-equal-height rdy_vc_row-flex vc_row-63517fdf8d71d745381389\">\n<div class=\"row-container container-fluid\">\n<div class=\"row-inner\">\n<div class=\"wpb_column vc_column_container vc_col-sm-4 vc_column_container_63517fdf8dc78771519402\">\n<div class=\"vc_column-inner \">\n<div class=\"wpb_wrapper\"><\/div>\n<\/div>\n<\/div>\n<div class=\"wpb_column vc_column_container vc_col-sm-4 vc_column_container_63517fdf8e06b433822320\">\n<div class=\"vc_column-inner \">\n<div class=\"wpb_wrapper\">\n<div class=\"vc_custom_heading vc_custom_1580922855713 vc_custom_heading_63517fdf8e655134754303\">\n<h3><span class=\"hilight\" style=\"color: #0000ff;\">Comisionado de Mejora Regulatoria<\/span><\/h3>\n<\/div>\n<div class=\"wpb_text_column_1 wpb_text_column wpb_content_element \">\n<div class=\"wpb_wrapper\">\n<p>Lcda. Carolina Esp\u00edndola Garc\u00eda<\/p>\n<h6>Directora de Mejora Regulatoria<\/h6>\n<\/div>\n<\/div>\n<div class=\"wpb_text_column_2 wpb_text_column wpb_content_element vc_custom_1648579650502\">\n<div class=\"wpb_wrapper\">\n<h6><\/h6>\n<h6>Tel. 4422096000 ext. 3037<\/h6>\n<\/div>\n<\/div>\n<\/div>\n<\/div>\n<\/div>\n<\/div>\n<\/div>\n<\/div>\n<\/div>\n<\/div>\n<\/article>\n<\/div>\n<\/div>\n<\/div>\n<p style=\"text-align: center;\">\n<\/div>\n[\/vc_column_text][\/vc_column][\/vc_row][vc_row][vc_column][vc_separator color=\u00bbpeacoc\u00bb border_width=\u00bb2&#8243;][\/vc_column][\/vc_row][vc_row][vc_column][vc_column_text]\n<div class=\"container row_section vc_row_p_30\">\n<div class=\"vc_row wpb_row vc_row-fluid vc_column-gap-30 vc_row-63517fdf8fa1f949563788\">\n<div class=\"row-container container-fluid\">\n<div class=\"row-inner\">\n<div class=\"wpb_column vc_column_container vc_col-sm-12 vc_column_container_63517fdf90110628211679\">\n<div class=\"vc_column-inner \">\n<div class=\"wpb_wrapper\">\n<div class=\"vc_custom_heading vc_custom_1580922922090 vc_custom_heading_63517fdf924ca579954805\">\n<h3 style=\"text-align: center;\"><span class=\"hilight\" style=\"color: #000080;\">Representantes de la Comisi\u00f3n de Mejora Regulatoria<\/span><\/h3>\n<\/div>\n<\/div>\n<\/div>\n<\/div>\n<\/div>\n<\/div>\n<\/div>\n<\/div>\n<div class=\"container row_section vc_row_p_30\">\n<div class=\"vc_row wpb_row vc_row-fluid vc_column-gap-30 rdy_vc_row-o-equal-height rdy_vc_row-flex vc_row-63517fdf92d6a370858429\">\n<div class=\"row-container container-fluid\">\n<div class=\"row-inner\">\n<div class=\"wpb_column vc_column_container vc_col-sm-3 vc_column_container_63517fdf93423503763320\"><\/div>\n<\/div>\n<\/div>\n<\/div>\n<\/div>\n[\/vc_column_text][\/vc_column][\/vc_row][vc_row][vc_column width=\u00bb1\/4&#8243;][vc_column_text]\n<h2 style=\"text-align: center;\"><strong><span style=\"color: #000080;\">Secretarias<\/span><\/strong><\/h2>\n[\/vc_column_text][\/vc_column][vc_column width=\u00bb1\/4&#8243;][vc_column_text]\n<h2 style=\"text-align: center;\"><strong><span style=\"color: #000080;\">Secretarios<\/span><\/strong><\/h2>\n[\/vc_column_text][\/vc_column][vc_column width=\u00bb1\/4&#8243;][vc_column_text]\n<h2 style=\"text-align: center;\"><strong><span style=\"color: #000080;\">Enlaces<\/span><\/strong><\/h2>\n[\/vc_column_text][\/vc_column][vc_column width=\u00bb1\/4&#8243;][vc_column_text]\n<h2 style=\"text-align: center;\"><span style=\"color: #000080;\"><strong>Suplentes<\/strong><\/span><\/h2>\n[\/vc_column_text][\/vc_column][\/vc_row][vc_row][vc_column width=\u00bb1\/4&#8243;][vc_column_text]\n<h3 style=\"text-align: center;\">Secretaria de Administraci\u00f3n<\/h3>\n[\/vc_column_text][\/vc_column][vc_column width=\u00bb1\/4&#8243;][vc_column_text]\n<h3 style=\"text-align: center;\">Lic Adrian Gonzalez Chaparro<\/h3>\n[\/vc_column_text][\/vc_column][vc_column width=\u00bb1\/4&#8243;][vc_column_text]\n<div class=\"wpb_text_column_7 wpb_text_column wpb_content_element \">\n<div class=\"wpb_wrapper\">\n<h3 style=\"text-align: center;\">Lic. Miguel Angel Palacios Ugalde<\/h3>\n<h3 style=\"text-align: center;\">Coordinador Administrativo<\/h3>\n<\/div>\n<\/div>\n<div class=\"wpb_wrapper\">\n<h6>miguel.palacios@corregidora.gob.mx<\/h6>\n<h6>4422096000 ext. 2015<\/h6>\n<\/div>\n[\/vc_column_text][\/vc_column][vc_column width=\u00bb1\/4&#8243;][\/vc_column][\/vc_row][vc_row][vc_column][vc_separator color=\u00bbpeacoc\u00bb][\/vc_column][\/vc_row][vc_row][vc_column width=\u00bb1\/4&#8243;][vc_column_text]\n<h3 style=\"text-align: center;\">Secretaria de Ayuntamiento<\/h3>\n[\/vc_column_text][\/vc_column][vc_column width=\u00bb1\/4&#8243;][vc_column_text]\n<h3 style=\"text-align: center;\">Lic. Mar\u00eda Elena S\u00e1nchez Trejo<\/h3>\n[\/vc_column_text][\/vc_column][vc_column width=\u00bb1\/4&#8243;][vc_column_text]\n<div class=\"wpb_text_column_7 wpb_text_column wpb_content_element \">\n<div class=\"wpb_wrapper\">\n<div class=\"wpb_text_column_27 wpb_text_column wpb_content_element \">\n<div class=\"wpb_wrapper\">\n<div class=\"wpb_text_column_12 wpb_text_column wpb_content_element \">\n<div class=\"wpb_wrapper\">\n<h3 style=\"text-align: center;\">Lic. Efra\u00edn Serrato Malag\u00f3n<\/h3>\n<h6 style=\"text-align: center;\">Director de asuntos Reglamentarios<\/h6>\n<\/div>\n<\/div>\n<div class=\"wpb_text_column_13 wpb_text_column wpb_content_element vc_custom_1648579891171\">\n<div class=\"wpb_wrapper\">\n<h6 style=\"text-align: center;\">efrain.serrato@corregidora.gob.mx<\/h6>\n<h6 style=\"text-align: center;\">2096000 ext. 6090<\/h6>\n<\/div>\n<\/div>\n<\/div>\n<\/div>\n<\/div>\n<\/div>\n[\/vc_column_text][\/vc_column][vc_column width=\u00bb1\/4&#8243;][vc_column_text]\n<div class=\"wpb_text_column_29 wpb_text_column wpb_content_element vc_custom_1648588190358\">\n<div class=\"wpb_wrapper\">\n<div class=\"wpb_text_column_14 wpb_text_column wpb_content_element \">\n<div class=\"wpb_wrapper\">\n<h3 style=\"text-align: center;\">Lic. Jes\u00fas Ignacio Dom\u00ednguez Albarr\u00e1n<\/h3>\n<p style=\"text-align: center;\">Analista Jur\u00eddico<\/p>\n<\/div>\n<\/div>\n<div class=\"wpb_text_column_15 wpb_text_column wpb_content_element vc_custom_1648579942429\">\n<div class=\"wpb_wrapper\">\n<p style=\"text-align: center;\">jesusda317@hotmail.com<\/p>\n<p style=\"text-align: center;\">4422096000 ext. 6090<\/p>\n<\/div>\n<\/div>\n<\/div>\n<\/div>\n[\/vc_column_text][\/vc_column][\/vc_row][vc_row][vc_column][vc_separator color=\u00bbpeacoc\u00bb][\/vc_column][\/vc_row][vc_row][vc_column width=\u00bb1\/4&#8243;][vc_column_text]\n<h3 style=\"text-align: center;\">Secretaria de Control y Evaluaci\u00f3n<\/h3>\n[\/vc_column_text][\/vc_column][vc_column width=\u00bb1\/4&#8243;][vc_column_text]\n<h3 style=\"text-align: center;\">Lic. Saraih Uribe Ram\u00edrez<\/h3>\n[\/vc_column_text][\/vc_column][vc_column width=\u00bb1\/4&#8243;][vc_column_text]\n<div class=\"wpb_text_column_7 wpb_text_column wpb_content_element \">\n<div class=\"wpb_wrapper\">\n<div class=\"wpb_text_column_27 wpb_text_column wpb_content_element \">\n<div class=\"wpb_wrapper\">\n<div class=\"wpb_text_column_17 wpb_text_column wpb_content_element \">\n<div class=\"wpb_wrapper\">\n<h3 style=\"text-align: center;\">M. en D. Elizabeth Anaya D\u00edaz<\/h3>\n<h6 style=\"text-align: center;\">Directora de Evaluaci\u00f3n Administrativa y Financiera<\/h6>\n<\/div>\n<\/div>\n<div class=\"wpb_text_column_18 wpb_text_column wpb_content_element vc_custom_1648580073076\">\n<div class=\"wpb_wrapper\">\n<h6 style=\"text-align: center;\">elizabeth.anaya@corregidora.gob.mx<\/h6>\n<h6 style=\"text-align: center;\">2096000 ext. 7516<\/h6>\n<\/div>\n<\/div>\n<\/div>\n<\/div>\n<\/div>\n<\/div>\n[\/vc_column_text][\/vc_column][vc_column width=\u00bb1\/4&#8243;][vc_column_text]\n<div class=\"wpb_text_column_29 wpb_text_column wpb_content_element vc_custom_1648588190358\">\n<div class=\"wpb_wrapper\">\n<div class=\"wpb_text_column_19 wpb_text_column wpb_content_element vc_custom_1648580092803\">\n<div class=\"wpb_wrapper\">\n<h3 style=\"text-align: center;\">Lic. Ana Cristina Salvador Palacios<\/h3>\n<p style=\"text-align: center;\">Auditor de evaluaci\u00f3n administrativa y financiera<\/p>\n<\/div>\n<\/div>\n<div class=\"wpb_text_column_20 wpb_text_column wpb_content_element vc_custom_1648580123302\">\n<div class=\"wpb_wrapper\">\n<p style=\"text-align: center;\">cristina.salvador@corregidora.gob.mx<\/p>\n<p style=\"text-align: center;\">2096000 ext. 8057<\/p>\n<\/div>\n<\/div>\n<\/div>\n<\/div>\n[\/vc_column_text][\/vc_column][\/vc_row][vc_row][vc_column][vc_separator color=\u00bbpeacoc\u00bb][\/vc_column][\/vc_row][vc_row][vc_column width=\u00bb1\/4&#8243;][vc_column_text]\n<h3 style=\"text-align: center;\">Secretaria de Gobierno<\/h3>\n[\/vc_column_text][\/vc_column][vc_column width=\u00bb1\/4&#8243;][vc_column_text]\n<h3 style=\"text-align: center;\">Lic. Ana Florencia Maldonado Rodr\u00edguez<\/h3>\n[\/vc_column_text][\/vc_column][vc_column width=\u00bb1\/4&#8243;][vc_column_text]\n<div class=\"wpb_text_column_7 wpb_text_column wpb_content_element \">\n<div class=\"wpb_wrapper\">\n<div class=\"wpb_text_column_27 wpb_text_column wpb_content_element \">\n<div class=\"wpb_wrapper\">\n<div class=\"wpb_text_column_17 wpb_text_column wpb_content_element \">\n<div class=\"wpb_wrapper\">\n<div class=\"wpb_text_column_22 wpb_text_column wpb_content_element \">\n<div class=\"wpb_wrapper\">\n<h3 style=\"text-align: center;\">Lic. Alonso Jes\u00fas Valdovinos Torales<\/h3>\n<h6 style=\"text-align: center;\">Jur\u00eddico de la Secretar\u00eda de Gobierno<\/h6>\n<\/div>\n<\/div>\n<div class=\"wpb_text_column_23 wpb_text_column wpb_content_element vc_custom_1648580211750\">\n<div class=\"wpb_wrapper\">\n<h6 style=\"text-align: center;\">correoalonso@gmail.com<\/h6>\n<h6 style=\"text-align: center;\">4422096000 ext. 7561<\/h6>\n<\/div>\n<\/div>\n<\/div>\n<\/div>\n<\/div>\n<\/div>\n<\/div>\n<\/div>\n[\/vc_column_text][\/vc_column][vc_column width=\u00bb1\/4&#8243;][vc_column_text]\n<div class=\"wpb_text_column_29 wpb_text_column wpb_content_element vc_custom_1648588190358\">\n<div class=\"wpb_wrapper\">\n<div class=\"wpb_text_column_19 wpb_text_column wpb_content_element vc_custom_1648580092803\">\n<div class=\"wpb_wrapper\">\n<div class=\"wpb_text_column_24 wpb_text_column wpb_content_element \">\n<div class=\"wpb_wrapper\">\n<h3 style=\"text-align: center;\">Lic. Abraham Misael Del Castillo P\u00e9rez<\/h3>\n<h6 style=\"text-align: center;\">Enlace de Normatividad<\/h6>\n<\/div>\n<\/div>\n<div class=\"wpb_text_column_25 wpb_text_column wpb_content_element vc_custom_1648580286362\">\n<div class=\"wpb_wrapper\">\n<h6 style=\"text-align: center;\">sg.arturodesantiago@gmail.com<\/h6>\n<h6 style=\"text-align: center;\">2096000 ext. 2052<\/h6>\n<\/div>\n<\/div>\n<\/div>\n<\/div>\n<\/div>\n<\/div>\n[\/vc_column_text][\/vc_column][\/vc_row][vc_row][vc_column][vc_separator color=\u00bbpeacoc\u00bb][\/vc_column][\/vc_row][vc_row][vc_column width=\u00bb1\/4&#8243;][vc_column_text]\n<h3 style=\"text-align: center;\">Secretaria de Obras P\u00fablicas<\/h3>\n[\/vc_column_text][\/vc_column][vc_column width=\u00bb1\/4&#8243;][vc_column_text]\n<h3 style=\"text-align: center;\"><big>Arq. Juan Carlos Garc\u00eda S\u00e1nchez<\/big><\/h3>\n[\/vc_column_text][\/vc_column][vc_column width=\u00bb1\/4&#8243;][vc_column_text]\n<div class=\"wpb_text_column_7 wpb_text_column wpb_content_element \">\n<div class=\"wpb_wrapper\">\n<div class=\"wpb_text_column_27 wpb_text_column wpb_content_element \">\n<div class=\"wpb_wrapper\">\n<h3 style=\"text-align: center;\">Lic. Ulises Esquivel Cruz<\/h3>\n<\/div>\n<\/div>\n<div class=\"wpb_text_column_28 wpb_text_column wpb_content_element vc_custom_1648588165201\">\n<div class=\"wpb_wrapper\">\n<h6 style=\"text-align: center;\">normatividadobras@corregidora.gob.mx<\/h6>\n<h6 style=\"text-align: center;\">2096000 ext. 6071<\/h6>\n<\/div>\n<\/div>\n<\/div>\n<\/div>\n[\/vc_column_text][\/vc_column][vc_column width=\u00bb1\/4&#8243;][vc_column_text]\n<div class=\"wpb_text_column_29 wpb_text_column wpb_content_element vc_custom_1648588190358\">\n<div class=\"wpb_wrapper\">\n<h3 style=\"text-align: center;\">Lic. Nadia R. Medina Uribe<\/h3>\n<p style=\"text-align: center;\">Analista de Normatividad<\/p>\n<\/div>\n<\/div>\n<div class=\"wpb_text_column_30 wpb_text_column wpb_content_element vc_custom_1648588216372\">\n<div class=\"wpb_wrapper\">\n<p style=\"text-align: center;\">normatividadobras@corregidora.gob.mx<\/p>\n<p style=\"text-align: center;\">2096000 ext. 6071<\/p>\n<\/div>\n<\/div>\n[\/vc_column_text][\/vc_column][\/vc_row][vc_row][vc_column][vc_separator color=\u00bbpeacoc\u00bb][\/vc_column][\/vc_row][vc_row][vc_column width=\u00bb1\/4&#8243;][vc_column_text]\n<h3 style=\"text-align: center;\">Secretaria de Desarrollo Social<\/h3>\n[\/vc_column_text][\/vc_column][vc_column width=\u00bb1\/4&#8243;][vc_column_text]\n<h3 style=\"text-align: center;\">Lic. Eduardo Rafael Montoya Bola\u00f1os<\/h3>\n[\/vc_column_text][\/vc_column][vc_column width=\u00bb1\/4&#8243;][vc_column_text]\n<div class=\"wpb_text_column_7 wpb_text_column wpb_content_element \">\n<div class=\"wpb_wrapper\">\n<div class=\"wpb_text_column_27 wpb_text_column wpb_content_element \">\n<div class=\"wpb_wrapper\">\n<div class=\"wpb_text_column_32 wpb_text_column wpb_content_element \">\n<div class=\"wpb_wrapper\">\n<h3 style=\"text-align: center;\">Lic. Alejandro Gallegos Lara<\/h3>\n<h6 style=\"text-align: center;\">Enlace de Normatividad<\/h6>\n<\/div>\n<\/div>\n<div class=\"wpb_text_column_33 wpb_text_column wpb_content_element vc_custom_1648588303453\">\n<div class=\"wpb_wrapper\">\n<h6 style=\"text-align: center;\">alexgallegoslara@gmail.com<\/h6>\n<h6 style=\"text-align: center;\">4422096000 ext. 7503<\/h6>\n<\/div>\n<\/div>\n<\/div>\n<\/div>\n<\/div>\n<\/div>\n[\/vc_column_text][\/vc_column][vc_column width=\u00bb1\/4&#8243;][vc_column_text]\n<div class=\"wpb_text_column_29 wpb_text_column wpb_content_element vc_custom_1648588190358\">\n<div class=\"wpb_wrapper\">\n<div class=\"wpb_text_column_34 wpb_text_column wpb_content_element \">\n<div class=\"wpb_wrapper\">\n<h3 style=\"text-align: center;\">Lic. Cecilia Acosta Castillo<\/h3>\n<h6 style=\"text-align: center;\">Enlace de Normatividad<\/h6>\n<\/div>\n<\/div>\n<div class=\"wpb_text_column_35 wpb_text_column wpb_content_element vc_custom_1648588390699\">\n<div class=\"wpb_wrapper\">\n<h6 style=\"text-align: center;\">Cecy.a.c02@gmail.com<\/h6>\n<h6 style=\"text-align: center;\">2096000 ext. 2066<\/h6>\n<\/div>\n<\/div>\n<\/div>\n<\/div>\n[\/vc_column_text][\/vc_column][\/vc_row][vc_row][vc_column][vc_separator color=\u00bbpeacoc\u00bb][\/vc_column][\/vc_row][vc_row][vc_column width=\u00bb1\/4&#8243;][vc_column_text]\n<h3 style=\"text-align: center;\">Secretaria de Desarrollo Econ\u00f3mico<\/h3>\n[\/vc_column_text][\/vc_column][vc_column width=\u00bb1\/4&#8243;][vc_column_text]\n<h3 style=\"text-align: center;\">Lic. Esther Carboney Echave<\/h3>\n[\/vc_column_text][\/vc_column][vc_column width=\u00bb1\/4&#8243;][vc_column_text]\n<div class=\"wpb_text_column_7 wpb_text_column wpb_content_element \">\n<div class=\"wpb_wrapper\">\n<div class=\"wpb_text_column_27 wpb_text_column wpb_content_element \">\n<div class=\"wpb_wrapper\">\n<div class=\"wpb_text_column_32 wpb_text_column wpb_content_element \">\n<div class=\"wpb_wrapper\">\n<div class=\"wpb_text_column_37 wpb_text_column wpb_content_element \">\n<div class=\"wpb_wrapper\">\n<h3 style=\"text-align: center;\">M en A.N Jos\u00e9 Enrique S\u00e1nchez Gonz\u00e1lez<\/h3>\n<h6 style=\"text-align: center;\">Jefe de Licencias de Funcionamiento<\/h6>\n<\/div>\n<\/div>\n<div class=\"wpb_text_column_38 wpb_text_column wpb_content_element vc_custom_1648588687963\">\n<div class=\"wpb_wrapper\">\n<h6 style=\"text-align: center;\">mario.rivera@corregidora.gob.mx<\/h6>\n<h6 style=\"text-align: center;\">4422096000 ext. 6062<\/h6>\n<\/div>\n<\/div>\n<\/div>\n<\/div>\n<\/div>\n<\/div>\n<\/div>\n<\/div>\n[\/vc_column_text][\/vc_column][vc_column width=\u00bb1\/4&#8243;][vc_column_text]\n<div class=\"wpb_text_column_29 wpb_text_column wpb_content_element vc_custom_1648588190358\">\n<div class=\"wpb_wrapper\">\n<div class=\"wpb_text_column_34 wpb_text_column wpb_content_element \">\n<div class=\"wpb_wrapper\">\n<div class=\"wpb_text_column_39 wpb_text_column wpb_content_element \">\n<div class=\"wpb_wrapper\">\n<h3 style=\"text-align: center;\"><big>Lic. Mar\u00eda del Carmen Galv\u00e1n Rico<\/big><\/h3>\n<h6 style=\"text-align: center;\">\u00c1rea Juridica<\/h6>\n<\/div>\n<\/div>\n<div class=\"wpb_text_column_40 wpb_text_column wpb_content_element vc_custom_1541544850635\">\n<div class=\"wpb_wrapper\">\n<h6 style=\"text-align: center;\">marycarmengalvan17@gmail.com<\/h6>\n<h6 style=\"text-align: center;\">209 6000 ext. 6063<\/h6>\n<\/div>\n<\/div>\n<\/div>\n<\/div>\n<\/div>\n<\/div>\n[\/vc_column_text][\/vc_column][\/vc_row][vc_row][vc_column][vc_separator color=\u00bbpeacoc\u00bb][\/vc_column][\/vc_row][vc_row][vc_column width=\u00bb1\/4&#8243;][vc_column_text]\n<h3 style=\"text-align: center;\">Secretaria de Seguridad Publica y Transito Municipal<\/h3>\n[\/vc_column_text][\/vc_column][vc_column width=\u00bb1\/4&#8243;][vc_column_text]\n<h3 style=\"text-align: center;\">M. en A.P. Caroline Lanestosa Oropeza<\/h3>\n[\/vc_column_text][\/vc_column][vc_column width=\u00bb1\/4&#8243;][vc_column_text]\n<div class=\"wpb_text_column_7 wpb_text_column wpb_content_element \">\n<div class=\"wpb_wrapper\">\n<div class=\"wpb_text_column_27 wpb_text_column wpb_content_element \">\n<div class=\"wpb_wrapper\">\n<div class=\"wpb_text_column_32 wpb_text_column wpb_content_element \">\n<div class=\"wpb_wrapper\">\n<div class=\"wpb_text_column_37 wpb_text_column wpb_content_element \">\n<div class=\"wpb_wrapper\">\n<div class=\"wpb_text_column_42 wpb_text_column wpb_content_element \">\n<div class=\"wpb_wrapper\">\n<h3 style=\"text-align: center;\">Lic. Yazmin Rivera Apantenco<\/h3>\n<h6 style=\"text-align: center;\">Jefa de Unidad de Asuntos Internos y Derechos Humanos<\/h6>\n<\/div>\n<\/div>\n<div class=\"wpb_text_column_43 wpb_text_column wpb_content_element vc_custom_1648588790728\">\n<div class=\"wpb_wrapper\">\n<h6 style=\"text-align: center;\">yazmin.rivera@corregidora.gob.mx<\/h6>\n<h6 style=\"text-align: center;\">4422256550 ext. 1014<\/h6>\n<\/div>\n<\/div>\n<\/div>\n<\/div>\n<\/div>\n<\/div>\n<\/div>\n<\/div>\n<\/div>\n<\/div>\n[\/vc_column_text][\/vc_column][vc_column width=\u00bb1\/4&#8243;][vc_column_text][\/vc_column_text][\/vc_column][\/vc_row][vc_row][vc_column][vc_separator color=\u00bbpeacoc\u00bb][\/vc_column][\/vc_row][vc_row][vc_column width=\u00bb1\/4&#8243;][vc_column_text]\n<h3 style=\"text-align: center;\">Secretaria de Servicios P\u00fablicos Municipales<\/h3>\n[\/vc_column_text][\/vc_column][vc_column width=\u00bb1\/4&#8243;][vc_column_text]\n<h3 style=\"text-align: center;\">Lic. Omar Herrera Maya<\/h3>\n[\/vc_column_text][\/vc_column][vc_column width=\u00bb1\/4&#8243;][vc_column_text]\n<div class=\"wpb_text_column_7 wpb_text_column wpb_content_element \">\n<div class=\"wpb_wrapper\">\n<div class=\"wpb_text_column_27 wpb_text_column wpb_content_element \">\n<div class=\"wpb_wrapper\">\n<div class=\"wpb_text_column_32 wpb_text_column wpb_content_element \">\n<div class=\"wpb_wrapper\">\n<div class=\"wpb_text_column_37 wpb_text_column wpb_content_element \">\n<div class=\"wpb_wrapper\">\n<div class=\"wpb_text_column_42 wpb_text_column wpb_content_element \">\n<div class=\"wpb_wrapper\">\n<div class=\"wpb_text_column_45 wpb_text_column wpb_content_element \">\n<div class=\"wpb_wrapper\">\n<h3 style=\"text-align: center;\"><big>Arq. Karla Mej\u00eda Ambriz<\/big><\/h3>\n<h6 style=\"text-align: center;\">Enlace de Proyectos<\/h6>\n<\/div>\n<\/div>\n<div class=\"wpb_text_column_46 wpb_text_column wpb_content_element vc_custom_1580228470930\">\n<div class=\"wpb_wrapper\">\n<h6 style=\"text-align: center;\">karla_171075@yahoo.com.mx<\/h6>\n<h6 style=\"text-align: center;\">209 6000 ext. 7523<\/h6>\n<\/div>\n<\/div>\n<\/div>\n<\/div>\n<\/div>\n<\/div>\n<\/div>\n<\/div>\n<\/div>\n<\/div>\n<\/div>\n<\/div>\n[\/vc_column_text][\/vc_column][vc_column width=\u00bb1\/4&#8243;][vc_column_text][\/vc_column_text][\/vc_column][\/vc_row][vc_row][vc_column][vc_separator color=\u00bbpeacoc\u00bb][\/vc_column][\/vc_row][vc_row][vc_column width=\u00bb1\/4&#8243;][vc_column_text]\n<h3 style=\"text-align: center;\">Secretaria de Tesorer\u00eda y Finanzas<\/h3>\n[\/vc_column_text][\/vc_column][vc_column width=\u00bb1\/4&#8243;][vc_column_text]\n<h3 style=\"text-align: center;\"><em>Lic. Ma Eugenia Yetsi Beltr\u00e1n Villareal<\/em><\/h3>\n[\/vc_column_text][\/vc_column][vc_column width=\u00bb1\/4&#8243;][vc_column_text]\n<div class=\"wpb_text_column_7 wpb_text_column wpb_content_element \">\n<div class=\"wpb_wrapper\">\n<div class=\"wpb_text_column_27 wpb_text_column wpb_content_element \">\n<div class=\"wpb_wrapper\">\n<div class=\"wpb_text_column_32 wpb_text_column wpb_content_element \">\n<div class=\"wpb_wrapper\">\n<div class=\"wpb_text_column_37 wpb_text_column wpb_content_element \">\n<div class=\"wpb_wrapper\">\n<div class=\"wpb_text_column_42 wpb_text_column wpb_content_element \">\n<div class=\"wpb_wrapper\">\n<div class=\"wpb_text_column_45 wpb_text_column wpb_content_element \">\n<div class=\"wpb_wrapper\">\n<div class=\"wpb_text_column_50 wpb_text_column wpb_content_element \">\n<div class=\"wpb_wrapper\">\n<h3 style=\"text-align: center;\"><em>Lic. Jonathan Reyes Lagunes<\/em><\/h3>\n<h6 style=\"text-align: center;\"><em>Coordinador Financiero<\/em><\/h6>\n<\/div>\n<\/div>\n<div class=\"wpb_text_column_51 wpb_text_column wpb_content_element vc_custom_1648589737192\">\n<div class=\"wpb_wrapper\">\n<h6 style=\"text-align: center;\">Jonathan.reyes@corregidora.gob.mx<\/h6>\n<h6 style=\"text-align: center;\">4422096000 ext. 6016<\/h6>\n<\/div>\n<\/div>\n<\/div>\n<\/div>\n<\/div>\n<\/div>\n<\/div>\n<\/div>\n<\/div>\n<\/div>\n<\/div>\n<\/div>\n<\/div>\n<\/div>\n[\/vc_column_text][\/vc_column][vc_column width=\u00bb1\/4&#8243;][vc_column_text][\/vc_column_text][\/vc_column][\/vc_row][vc_row][vc_column][vc_separator color=\u00bbpeacoc\u00bb][\/vc_column][\/vc_row][vc_row][vc_column width=\u00bb1\/4&#8243;][vc_column_text]\n<h3 style=\"text-align: center;\">Secretaria de Movilidad, Desarrollo Urbano y Ecolog\u00eda<\/h3>\n[\/vc_column_text][\/vc_column][vc_column width=\u00bb1\/4&#8243;][vc_column_text]\n<h3 style=\"text-align: center;\"><big>Lic. Jos\u00e9 Moises Moreno Melo<\/big><\/h3>\n[\/vc_column_text][\/vc_column][vc_column width=\u00bb1\/4&#8243;][vc_column_text]\n<div class=\"wpb_text_column_7 wpb_text_column wpb_content_element \">\n<div class=\"wpb_wrapper\">\n<div class=\"wpb_text_column_27 wpb_text_column wpb_content_element \">\n<div class=\"wpb_wrapper\">\n<div class=\"wpb_text_column_32 wpb_text_column wpb_content_element \">\n<div class=\"wpb_wrapper\">\n<div class=\"wpb_text_column_37 wpb_text_column wpb_content_element \">\n<div class=\"wpb_wrapper\">\n<div class=\"wpb_text_column_42 wpb_text_column wpb_content_element \">\n<div class=\"wpb_wrapper\">\n<div class=\"wpb_text_column_45 wpb_text_column wpb_content_element \">\n<div class=\"wpb_wrapper\">\n<div class=\"wpb_text_column_50 wpb_text_column wpb_content_element \">\n<div class=\"wpb_wrapper\">\n<div class=\"wpb_text_column_55 wpb_text_column wpb_content_element \">\n<div class=\"wpb_wrapper\">\n<h3 style=\"text-align: center;\">Ing. Samuel Cruz Guevara Valdivia<\/h3>\n<h6 style=\"text-align: center;\">Secretario T\u00e9cnico<\/h6>\n<\/div>\n<\/div>\n<div class=\"wpb_text_column_56 wpb_text_column wpb_content_element vc_custom_1648589956567\">\n<div class=\"wpb_wrapper\">\n<h6 style=\"text-align: center;\">guevara.valdivia@gmail.com<\/h6>\n<h6 style=\"text-align: center;\">4422096000 ext. 7591<\/h6>\n<\/div>\n<\/div>\n<\/div>\n<\/div>\n<\/div>\n<\/div>\n<\/div>\n<\/div>\n<\/div>\n<\/div>\n<\/div>\n<\/div>\n<\/div>\n<\/div>\n<\/div>\n<\/div>\n[\/vc_column_text][\/vc_column][vc_column width=\u00bb1\/4&#8243;][vc_column_text]\n<div class=\"wpb_text_column_57 wpb_text_column wpb_content_element \">\n<div class=\"wpb_wrapper\">\n<h3 style=\"text-align: center;\">Lic. Ana Laura Beltr\u00e1n Ferrusca<\/h3>\n<p style=\"text-align: center;\">Asistente Administrativo<\/p>\n<\/div>\n<\/div>\n<div class=\"wpb_text_column_58 wpb_text_column wpb_content_element vc_custom_1648590007726\">\n<div class=\"wpb_wrapper\">\n<p style=\"text-align: center;\">laura.beltran.corregidora@gmail.com<\/p>\n<p style=\"text-align: center;\">2096000 ext. 6069<\/p>\n<\/div>\n<\/div>\n[\/vc_column_text][\/vc_column][\/vc_row][vc_row][vc_column][vc_separator color=\u00bbpeacoc\u00bb][\/vc_column][\/vc_row][vc_row][vc_column width=\u00bb1\/4&#8243;][vc_column_text]\n<h3 style=\"text-align: center;\">Secretaria de Gesti\u00f3n Delegacional<\/h3>\n[\/vc_column_text][\/vc_column][vc_column width=\u00bb1\/4&#8243;][vc_column_text]\n<h3 style=\"text-align: center;\"><big>Lic. Cristina Fern\u00e1ndez de Cevallos<\/big><\/h3>\n[\/vc_column_text][\/vc_column][vc_column width=\u00bb1\/4&#8243;][vc_column_text]\n<div class=\"wpb_text_column_7 wpb_text_column wpb_content_element \">\n<div class=\"wpb_wrapper\">\n<div class=\"wpb_text_column_27 wpb_text_column wpb_content_element \">\n<div class=\"wpb_wrapper\">\n<div class=\"wpb_text_column_32 wpb_text_column wpb_content_element \">\n<div class=\"wpb_wrapper\">\n<div class=\"wpb_text_column_37 wpb_text_column wpb_content_element \">\n<div class=\"wpb_wrapper\">\n<div class=\"wpb_text_column_42 wpb_text_column wpb_content_element \">\n<div class=\"wpb_wrapper\">\n<div class=\"wpb_text_column_45 wpb_text_column wpb_content_element \">\n<div class=\"wpb_wrapper\">\n<div class=\"wpb_text_column_50 wpb_text_column wpb_content_element \">\n<div class=\"wpb_wrapper\">\n<div class=\"wpb_text_column_55 wpb_text_column wpb_content_element \">\n<div class=\"wpb_wrapper\">\n<div class=\"wpb_text_column_60 wpb_text_column wpb_content_element \">\n<div class=\"wpb_wrapper\">\n<h3 style=\"text-align: center;\"><big>Lic. Mariel Monserrat Jord\u00e1n Zavala<\/big><\/h3>\n<h6 style=\"text-align: center;\">Directora de Proyectos<\/h6>\n<\/div>\n<\/div>\n<div class=\"wpb_text_column_61 wpb_text_column wpb_content_element vc_custom_1541545679629\">\n<div class=\"wpb_wrapper\">\n<h6 style=\"text-align: center;\">marielmjz@gmail.com<\/h6>\n<h6 style=\"text-align: center;\">209 6000 ext 2036<\/h6>\n<\/div>\n<\/div>\n<\/div>\n<\/div>\n<\/div>\n<\/div>\n<\/div>\n<\/div>\n<\/div>\n<\/div>\n<\/div>\n<\/div>\n<\/div>\n<\/div>\n<\/div>\n<\/div>\n<\/div>\n<\/div>\n[\/vc_column_text][\/vc_column][vc_column width=\u00bb1\/4&#8243;][vc_column_text]\n<div class=\"wpb_text_column_57 wpb_text_column wpb_content_element \">\n<div class=\"wpb_wrapper\">\n<div class=\"wpb_text_column_62 wpb_text_column wpb_content_element vc_custom_1648590063521\">\n<div class=\"wpb_wrapper\">\n<h3 style=\"text-align: center;\">Sobeida Talavera Lira<\/h3>\n<p style=\"text-align: center;\">Jefa de Departamento de Gesti\u00f3n<\/p>\n<\/div>\n<\/div>\n<div class=\"wpb_text_column_63 wpb_text_column wpb_content_element vc_custom_1648590083272\">\n<div class=\"wpb_wrapper\">\n<p style=\"text-align: center;\">sobeida.talavera@corregidora.gob.mx<\/p>\n<p style=\"text-align: center;\">4422096000 ext. 2036<\/p>\n<\/div>\n<\/div>\n<\/div>\n<\/div>\n[\/vc_column_text][\/vc_column][\/vc_row][vc_row][vc_column][vc_separator color=\u00bbpeacoc\u00bb][\/vc_column][\/vc_row][vc_row][vc_column width=\u00bb1\/4&#8243;][vc_column_text]\n<h3 style=\"text-align: center;\">SMDIF<\/h3>\n[\/vc_column_text][\/vc_column][vc_column width=\u00bb1\/4&#8243;][vc_column_text]\n<h3 style=\"text-align: center;\">Lic. Leonardo Escamilla Contreras<\/h3>\n[\/vc_column_text][\/vc_column][vc_column width=\u00bb1\/4&#8243;][vc_column_text]\n<div class=\"wpb_text_column_7 wpb_text_column wpb_content_element \">\n<div class=\"wpb_wrapper\">\n<div class=\"wpb_text_column_27 wpb_text_column wpb_content_element \">\n<div class=\"wpb_wrapper\">\n<div class=\"wpb_text_column_32 wpb_text_column wpb_content_element \">\n<div class=\"wpb_wrapper\">\n<div class=\"wpb_text_column_37 wpb_text_column wpb_content_element \">\n<div class=\"wpb_wrapper\">\n<div class=\"wpb_text_column_42 wpb_text_column wpb_content_element \">\n<div class=\"wpb_wrapper\">\n<div class=\"wpb_text_column_45 wpb_text_column wpb_content_element \">\n<div class=\"wpb_wrapper\">\n<div class=\"wpb_text_column_50 wpb_text_column wpb_content_element \">\n<div class=\"wpb_wrapper\">\n<div class=\"wpb_text_column_55 wpb_text_column wpb_content_element \">\n<div class=\"wpb_wrapper\">\n<div class=\"wpb_text_column_60 wpb_text_column wpb_content_element \">\n<div class=\"wpb_wrapper\">\n<div class=\"wpb_text_column_65 wpb_text_column wpb_content_element \">\n<div class=\"wpb_wrapper\">\n<h3 style=\"text-align: center;\">Mtra. En A.P. Aurora Cabello Barr\u00f3n<\/h3>\n<h6 style=\"text-align: center;\">Contralora del SMDIF<\/h6>\n<\/div>\n<\/div>\n<div class=\"wpb_text_column_66 wpb_text_column wpb_content_element vc_custom_1648590166674\">\n<div class=\"wpb_wrapper\">\n<h6 style=\"text-align: center;\">oic.smdif.corregidora@gmail.com<\/h6>\n<h6 style=\"text-align: center;\">4422096000 ext 8065<\/h6>\n<\/div>\n<\/div>\n<\/div>\n<\/div>\n<\/div>\n<\/div>\n<\/div>\n<\/div>\n<\/div>\n<\/div>\n<\/div>\n<\/div>\n<\/div>\n<\/div>\n<\/div>\n<\/div>\n<\/div>\n<\/div>\n<\/div>\n<\/div>\n[\/vc_column_text][\/vc_column][vc_column width=\u00bb1\/4&#8243;][vc_column_text]\n<div class=\"wpb_text_column_57 wpb_text_column wpb_content_element \">\n<div class=\"wpb_wrapper\">\n<div class=\"wpb_text_column_62 wpb_text_column wpb_content_element vc_custom_1648590063521\">\n<div class=\"wpb_wrapper\">\n<div class=\"wpb_text_column_67 wpb_text_column wpb_content_element \">\n<div class=\"wpb_wrapper\">\n<h3 style=\"text-align: center;\">Lic. Sindy Desiree Mart\u00ednez Rivas<\/h3>\n<p style=\"text-align: center;\">Secretaria de Acuerdos<\/p>\n<\/div>\n<\/div>\n<div class=\"wpb_text_column_68 wpb_text_column wpb_content_element vc_custom_1648590216863\">\n<div class=\"wpb_wrapper\">\n<p style=\"text-align: center;\">oic.smdif.corregidora@gmail.com<\/p>\n<p style=\"text-align: center;\">442 2096000 ext 8065<\/p>\n<\/div>\n<\/div>\n<\/div>\n<\/div>\n<\/div>\n<\/div>\n[\/vc_column_text][\/vc_column][\/vc_row][vc_row][vc_column][vc_separator color=\u00bbpeacoc\u00bb][\/vc_column][\/vc_row][vc_row][vc_column width=\u00bb1\/4&#8243;][vc_column_text]\n<h3 style=\"text-align: center;\">Secretaria de La Mujer<\/h3>\n[\/vc_column_text][\/vc_column][vc_column width=\u00bb1\/4&#8243;][vc_column_text]\n<h3 style=\"text-align: center;\">Lic. Patricia Narv\u00e1ez Delgadillo<\/h3>\n[\/vc_column_text][\/vc_column][vc_column width=\u00bb1\/4&#8243;][vc_column_text]\n<div class=\"wpb_text_column_7 wpb_text_column wpb_content_element \">\n<div class=\"wpb_wrapper\">\n<div class=\"wpb_text_column_27 wpb_text_column wpb_content_element \">\n<div class=\"wpb_wrapper\">\n<div class=\"wpb_text_column_32 wpb_text_column wpb_content_element \">\n<div class=\"wpb_wrapper\">\n<div class=\"wpb_text_column_37 wpb_text_column wpb_content_element \">\n<div class=\"wpb_wrapper\">\n<div class=\"wpb_text_column_42 wpb_text_column wpb_content_element \">\n<div class=\"wpb_wrapper\">\n<div class=\"wpb_text_column_45 wpb_text_column wpb_content_element \">\n<div class=\"wpb_wrapper\">\n<div class=\"wpb_text_column_50 wpb_text_column wpb_content_element \">\n<div class=\"wpb_wrapper\">\n<div class=\"wpb_text_column_55 wpb_text_column wpb_content_element \">\n<div class=\"wpb_wrapper\">\n<div class=\"wpb_text_column_60 wpb_text_column wpb_content_element \">\n<div class=\"wpb_wrapper\">\n<div class=\"wpb_text_column_65 wpb_text_column wpb_content_element \">\n<div class=\"wpb_wrapper\">\n<div class=\"wpb_text_column_70 wpb_text_column wpb_content_element \">\n<div class=\"wpb_wrapper\">\n<h3 style=\"text-align: center;\">Mtra. Clara Haydee Hern\u00e1ndez Mart\u00ednez<\/h3>\n<h6 style=\"text-align: center;\">\u00a0Coordinadora de Proyectos Institucionales<\/h6>\n<\/div>\n<\/div>\n<div class=\"wpb_text_column_71 wpb_text_column wpb_content_element vc_custom_1648590424278\">\n<div class=\"wpb_wrapper\">\n<h6 style=\"text-align: center;\">immc.institucionales@gmail.com<\/h6>\n<h6 style=\"text-align: center;\">4422096000 ext. 2083<\/h6>\n<\/div>\n<\/div>\n<\/div>\n<\/div>\n<\/div>\n<\/div>\n<\/div>\n<\/div>\n<\/div>\n<\/div>\n<\/div>\n<\/div>\n<\/div>\n<\/div>\n<\/div>\n<\/div>\n<\/div>\n<\/div>\n<\/div>\n<\/div>\n<\/div>\n<\/div>\n[\/vc_column_text][\/vc_column][vc_column width=\u00bb1\/4&#8243;][\/vc_column][\/vc_row][vc_row][vc_column][vc_separator color=\u00bbpeacoc\u00bb][\/vc_column][\/vc_row]\n","protected":false},"excerpt":{"rendered":"<p>[vc_row][vc_column][vc_column_text] Directorio Integrantes de la Comisi\u00f3n de Mejora Regulatoria Comisionado de Mejora Regulatoria Lcda. Carolina Esp\u00edndola Garc\u00eda Directora de Mejora Regulatoria Tel. 4422096000 ext. 3037 [\/vc_column_text][\/vc_column][\/vc_row][vc_row][vc_column][vc_separator color=\u00bbpeacoc\u00bb border_width=\u00bb2&#8243;][\/vc_column][\/vc_row][vc_row][vc_column][vc_column_text] Representantes de la Comisi\u00f3n de Mejora Regulatoria [\/vc_column_text][\/vc_column][\/vc_row][vc_row][vc_column width=\u00bb1\/4&#8243;][vc_column_text] Secretarias [\/vc_column_text][\/vc_column][vc_column width=\u00bb1\/4&#8243;][vc_column_text] Secretarios [\/vc_column_text][\/vc_column][vc_column width=\u00bb1\/4&#8243;][vc_column_text] Enlaces [\/vc_column_text][\/vc_column][vc_column width=\u00bb1\/4&#8243;][vc_column_text] Suplentes [\/vc_column_text][\/vc_column][\/vc_row][vc_row][vc_column width=\u00bb1\/4&#8243;][vc_column_text] Secretaria de Administraci\u00f3n [\/vc_column_text][\/vc_column][vc_column width=\u00bb1\/4&#8243;][vc_column_text] Lic [&hellip;]<\/p>\n","protected":false},"author":2,"featured_media":0,"parent":0,"menu_order":0,"comment_status":"closed","ping_status":"closed","template":"template-fullwidth.php","meta":{"_bbp_topic_count":0,"_bbp_reply_count":0,"_bbp_total_topic_count":0,"_bbp_total_reply_count":0,"_bbp_voice_count":0,"_bbp_anonymous_reply_count":0,"_bbp_topic_count_hidden":0,"_bbp_reply_count_hidden":0,"_bbp_forum_subforum_count":0,"footnotes":""},"class_list":["post-3712","page","type-page","status-publish","hentry"],"_links":{"self":[{"href":"https:\/\/corregidora.gob.mx\/cmmer\/wp-json\/wp\/v2\/pages\/3712","targetHints":{"allow":["GET"]}}],"collection":[{"href":"https:\/\/corregidora.gob.mx\/cmmer\/wp-json\/wp\/v2\/pages"}],"about":[{"href":"https:\/\/corregidora.gob.mx\/cmmer\/wp-json\/wp\/v2\/types\/page"}],"author":[{"embeddable":true,"href":"https:\/\/corregidora.gob.mx\/cmmer\/wp-json\/wp\/v2\/users\/2"}],"replies":[{"embeddable":true,"href":"https:\/\/corregidora.gob.mx\/cmmer\/wp-json\/wp\/v2\/comments?post=3712"}],"version-history":[{"count":19,"href":"https:\/\/corregidora.gob.mx\/cmmer\/wp-json\/wp\/v2\/pages\/3712\/revisions"}],"predecessor-version":[{"id":6136,"href":"https:\/\/corregidora.gob.mx\/cmmer\/wp-json\/wp\/v2\/pages\/3712\/revisions\/6136"}],"wp:attachment":[{"href":"https:\/\/corregidora.gob.mx\/cmmer\/wp-json\/wp\/v2\/media?parent=3712"}],"curies":[{"name":"wp","href":"https:\/\/api.w.org\/{rel}","templated":true}]}}